{"id":28175,"date":"2023-01-24T18:50:10","date_gmt":"2023-01-24T18:50:10","guid":{"rendered":"https:\/\/caficon.info\/?page_id=28175"},"modified":"2023-01-24T19:36:42","modified_gmt":"2023-01-24T19:36:42","slug":"taller-imss-sua-sipare-icsoe","status":"publish","type":"page","link":"https:\/\/caficon.info\/index.php\/taller-imss-sua-sipare-icsoe\/","title":{"rendered":"Taller IMSS, SUA, SIPARE, IDSE"},"content":{"rendered":"\t\t<div data-elementor-type=\"wp-page\" data-elementor-id=\"28175\" class=\"elementor elementor-28175\" data-elementor-post-type=\"page\">\n\t\t\t\t\t\t<section class=\"elementor-section elementor-top-section elementor-element elementor-element-ee070bc elementor-section-boxed elementor-section-height-default elementor-section-height-default\" data-id=\"ee070bc\" data-element_type=\"section\">\n\t\t\t\t\t\t<div class=\"elementor-container elementor-column-gap-default\">\n\t\t\t\t\t<div class=\"elementor-column elementor-col-100 elementor-top-column elementor-element elementor-element-0305ee0\" data-id=\"0305ee0\" data-element_type=\"column\">\n\t\t\t<div class=\"elementor-widget-wrap\">\n\t\t\t\t\t\t\t<\/div>\n\t\t<\/div>\n\t\t\t\t\t<\/div>\n\t\t<\/section>\n\t\t\t\t<section class=\"elementor-section elementor-top-section elementor-element elementor-element-b383f74 elementor-section-full_width elementor-hidden-desktop elementor-hidden-tablet elementor-hidden-mobile elementor-section-height-default elementor-section-height-default\" data-id=\"b383f74\" data-element_type=\"section\">\n\t\t\t\t\t\t<div class=\"elementor-container elementor-column-gap-default\">\n\t\t\t\t\t<div class=\"elementor-column elementor-col-100 elementor-top-column elementor-element elementor-element-405465c\" data-id=\"405465c\" data-element_type=\"column\">\n\t\t\t<div class=\"elementor-widget-wrap elementor-element-populated\">\n\t\t\t\t\t\t<div class=\"elementor-element elementor-element-6e1dab3 elementor-widget elementor-widget-heading\" data-id=\"6e1dab3\" data-element_type=\"widget\" data-widget_type=\"heading.default\">\n\t\t\t\t<div class=\"elementor-widget-container\">\n\t\t\t\t\t<h2 class=\"elementor-heading-title elementor-size-default\">Que encontraras en el Temario<\/h2>\t\t\t\t<\/div>\n\t\t\t\t<\/div>\n\t\t\t\t\t<\/div>\n\t\t<\/div>\n\t\t\t\t\t<\/div>\n\t\t<\/section>\n\t\t\t\t<section class=\"elementor-section elementor-top-section elementor-element elementor-element-f62b75c elementor-section-full_width elementor-hidden-desktop elementor-hidden-tablet elementor-hidden-mobile elementor-section-height-default elementor-section-height-default\" data-id=\"f62b75c\" data-element_type=\"section\">\n\t\t\t\t\t\t<div class=\"elementor-container elementor-column-gap-default\">\n\t\t\t\t\t<div class=\"elementor-column elementor-col-20 elementor-top-column elementor-element elementor-element-f4073af\" data-id=\"f4073af\" data-element_type=\"column\">\n\t\t\t<div class=\"elementor-widget-wrap elementor-element-populated\">\n\t\t\t\t\t\t\t<\/div>\n\t\t<\/div>\n\t\t\t\t<div class=\"elementor-column elementor-col-20 elementor-top-column elementor-element elementor-element-c347ad1\" data-id=\"c347ad1\" data-element_type=\"column\">\n\t\t\t<div class=\"elementor-widget-wrap elementor-element-populated\">\n\t\t\t\t\t\t<div class=\"elementor-element elementor-element-848fcbf elementor-widget elementor-widget-text-editor\" data-id=\"848fcbf\" data-element_type=\"widget\" data-widget_type=\"text-editor.default\">\n\t\t\t\t<div class=\"elementor-widget-container\">\n\t\t\t\t\t\t\t\t\t<p><span style=\"color: #ff6600;\"><strong>Dirigido<\/strong><\/span><\/p><ul><li><p>Contadores, auxiliares Contables, fiscalistas, administradores, financieros y personal del \u00e1rea de Recursos Humanos que tengan que ver con la elaboraci\u00f3n de n\u00f3minas, administraci\u00f3n de una N\u00f3mina o Empresas<\/p>de Subcontrataci\u00f3n.\u00a0<\/li><\/ul><p><strong style=\"color: #ff6600;\">Objetivo<\/strong><\/p><ul><li><p>El participante lograra interiorizarse en todo el marco jur\u00eddico que enmarca la obligaci\u00f3n del pago de vacaciones en un nuevo contexto, (lo cual le permitir\u00e1 identificar plenamente las obligaciones a cumplir de acuerdo a la Ley Federal del Trabajo, la Ley del Impuesto Sobre la Renta y Ley del Seguro Social) para efectos de dar debido cumplimiento en el entorno laboral, fiscal y de Seguridad Social y tomar decisiones asertivas en la determinaci\u00f3n de la base para el c\u00e1lculo de las contribuciones.<\/p><\/li><\/ul>\t\t\t\t\t\t\t\t<\/div>\n\t\t\t\t<\/div>\n\t\t\t\t\t<\/div>\n\t\t<\/div>\n\t\t\t\t<div class=\"elementor-column elementor-col-20 elementor-top-column elementor-element elementor-element-b1889fe\" data-id=\"b1889fe\" data-element_type=\"column\">\n\t\t\t<div class=\"elementor-widget-wrap elementor-element-populated\">\n\t\t\t\t\t\t<div class=\"elementor-element elementor-element-684a00b elementor-widget elementor-widget-text-editor\" data-id=\"684a00b\" data-element_type=\"widget\" data-widget_type=\"text-editor.default\">\n\t\t\t\t<div class=\"elementor-widget-container\">\n\t\t\t\t\t\t\t\t\t<h5><span style=\"color: #ff6600;\">Temario:<\/span><\/h5><ul><li><ul><li><strong>REFORMAS A LA LEY FEDERAL DEL TRABAJO<\/strong><\/li><li><strong>Cuadro comparativo<\/strong><\/li><li><strong>Vigencia y aplicaci\u00f3n (Art\u00edculos transitorios)<\/strong><\/li><li><strong>Repercusi\u00f3n para los patrones<\/strong><\/li><\/ul><p>o\u00a0\u00a0\u00a0 Modificaci\u00f3n del contrato<\/p><p>o\u00a0\u00a0\u00a0 Salario diario integrado para el pago de indemnizaciones<\/p><ul><li><strong>C\u00e1lculo de vacaciones<\/strong><\/li><\/ul><p>o\u00a0\u00a0\u00a0 Beneficio<\/p><p>o\u00a0\u00a0\u00a0 Definici\u00f3n<\/p><p>o\u00a0\u00a0\u00a0 Marco jur\u00eddico<\/p><p>o\u00a0\u00a0\u00a0 Calculo<\/p><p>o\u00a0\u00a0\u00a0 Vacaciones proporcionales<\/p><p>o\u00a0\u00a0\u00a0 Factor de integraci\u00f3n<\/p><p>o\u00a0\u00a0\u00a0 Calculo para IMSS<\/p><p>o\u00a0\u00a0\u00a0 Calculo para ISR<\/p><ul><li><strong>C\u00e1lculo de la prima vacacional<\/strong><\/li><\/ul><p>o\u00a0\u00a0\u00a0 Definici\u00f3n<\/p><p>o\u00a0\u00a0\u00a0 Calculo<\/p><p>o\u00a0\u00a0\u00a0 Marco jur\u00eddico<\/p><p>o\u00a0\u00a0\u00a0 Calculo para IMSS<\/p><p>o\u00a0\u00a0\u00a0 Calculo para ISR<\/p><ul><li><strong>Proceso modificaci\u00f3n SBC<\/strong><\/li><li><strong>Salario M\u00ednimo y Unidad de Medida de Actualizaci\u00f3n para 2023<\/strong><\/li><li><strong>Finiquitos y liquidaciones<\/strong><\/li><\/ul><p>\u00a0<\/p><ul><li><strong>NOMINAS 2023<\/strong><\/li><li><strong>Introducci\u00f3n<\/strong><\/li><\/ul><p>o\u00a0\u00a0\u00a0 \u00a0Pagos provisionales a cuenta del ISR anual<\/p><p>o\u00a0\u00a0\u00a0 \u00a0Requisitos para deducir salarios e ingresos asimilables en el ISR<\/p><ul><li><strong>Obligaciones de los trabajadores y asimilables<\/strong><\/li><\/ul><p>o\u00a0\u00a0\u00a0 Datos para ser inscrito en el RFC<\/p><p>o\u00a0\u00a0\u00a0 Solicitar constancia de remuneraciones y retenciones<\/p><p>o\u00a0\u00a0\u00a0 Presentar declaraci\u00f3n anual<\/p><p>o\u00a0\u00a0\u00a0 Comunicado de prestaci\u00f3n de servicios a otro patr\u00f3n<\/p><ul><li><strong>Obligaciones del empleador<\/strong><\/li><\/ul><p>o\u00a0\u00a0\u00a0 Efectuar la retenci\u00f3n y entero del ISR<\/p><p>o\u00a0\u00a0\u00a0 Calcular el ISR anual<\/p><p>o\u00a0\u00a0\u00a0 Proporcionar constancias<\/p><p>o\u00a0\u00a0\u00a0 Solicitar constancias, cerciorarse de la inscripci\u00f3n al RFC y solicitar comunicado de la prestaci\u00f3n de servicios a otro empleador<\/p><p>o\u00a0\u00a0\u00a0 Presentar declaraci\u00f3n informativa<\/p><p>o\u00a0\u00a0\u00a0 Solicitar RFC o datos para inscribir al trabajador o asimilable<\/p><ul><li><strong>Ingresos de trabajadores e ingresos que se asimilan a salarios<\/strong><\/li><\/ul><p>o\u00a0\u00a0\u00a0 Ingresos de trabajadores<\/p><p>o\u00a0\u00a0\u00a0 Ingresos que se asimilan a salarios<\/p><p>o\u00a0\u00a0\u00a0 Ingresos en cr\u00e9dito por salarios y asimilables<\/p><ul><li><strong>Ingresos exentos<\/strong><\/li><li><strong>Obligaci\u00f3n, procedimiento y situaciones que pueden presentarse al efectuar el c\u00e1lculo del ISR anual<\/strong><\/li><\/ul><p>o\u00a0\u00a0\u00a0 Obligaci\u00f3n de efectuar el c\u00e1lculo del ISR anual<\/p><p>o\u00a0\u00a0\u00a0 Procedimiento para efectuar el c\u00e1lculo del ISR anual<\/p><p>o\u00a0\u00a0\u00a0 Saldo a cargo del trabajador o asimilable<\/p><p>o\u00a0\u00a0\u00a0 Saldo a favor del trabajador o asimilable<\/p><p>o\u00a0\u00a0\u00a0 Solicitud de devoluci\u00f3n del saldo a favor, por parte del trabajador o asimilable<\/p><p>o\u00a0\u00a0\u00a0 Compensaci\u00f3n de saldos a favor contra retenciones de ISR de otros trabajadores o asimilables<\/p><ul><li><strong>El subsidio para el empleo en el c\u00e1lculo del ISR anual<\/strong><\/li><li><strong>Cambio en las Tarifas aplicables para 2023.<\/strong><\/li><li><strong>C\u00e1lculo opcional del ISR del aguinaldo, prima vacacional y dominical y PTU<\/strong><\/li><\/ul><p>o\u00a0\u00a0\u00a0 Retenci\u00f3n opcional por gratificaciones, primas y PTU<\/p><p>\u00a0<\/p><ul><li><strong>LEY DEL IMPUESTO SOBRE LA RENTA<\/strong><\/li><li><strong>Implicaciones entorno a la Ley del Impuesto Sobre la Renta<\/strong><\/li><\/ul><p>o\u00a0\u00a0\u00a0 Para el patr\u00f3n<\/p><p>o\u00a0\u00a0\u00a0 Para el trabajador<\/p><p>o\u00a0\u00a0\u00a0 Incremento en recaudaci\u00f3n<\/p><ul><li><strong>Base Gravable e Ingreso exento: c\u00e1lculo y presentaci\u00f3n<\/strong><\/li><li><strong>Recibos de n\u00f3minas<\/strong><\/li><li><strong>No deducibilidad del Ingreso Exento<\/strong><\/li><\/ul><p>\u00a0<\/p><ul><li><strong>IMSS e INFONAVIT<\/strong><\/li><li><strong>Introducci\u00f3n<\/strong><\/li><li><strong>marco legal<\/strong><\/li><li><strong>Actualizaci\u00f3n tablas de Cesant\u00eda y Vejez<\/strong><\/li><li><strong>Repercusi\u00f3n en materia de aportaciones de Seguridad Social<\/strong><\/li><\/ul><p>o\u00a0\u00a0\u00a0 Para el patr\u00f3n<\/p><ul><li>Avisos modificatorios por incremento en el SDI<\/li><li>Mayor carga social (IMSS e INFONAVIT)<\/li><\/ul><p>o\u00a0\u00a0\u00a0 Para el trabajador<\/p><ul><li>Incremento de aportaciones RCV<\/li><li><strong>Integraci\u00f3n del Salario<\/strong><\/li><li><strong>C\u00e1lculo de Cuotas obrero patronales (IMSS-INFONAVIT)<\/strong><\/li><li><strong>Riesgo de Trabajo e Informativa Anual<\/strong><\/li><li><strong>Pagos Referenciados, Opini\u00f3n del cumplimiento<\/strong><\/li><\/ul><p>\u00a0<\/p><ul><li><strong>CONTRIBUCIONES LOCALES<\/strong><\/li><li><strong>Impacto en el impuesto sobre n\u00f3minas<\/strong><\/li><li><strong>Impuesto Sobre Erogaciones <\/strong><\/li><li><strong>Impuesto Sobre N\u00f3mina en la Outsourcing<\/strong><\/li><\/ul><p>\u00a0<\/p><ul><li><strong>CASOS PR\u00c1CTICOS Y EJEMPLOS<\/strong><\/li><\/ul><\/li><\/ul>\t\t\t\t\t\t\t\t<\/div>\n\t\t\t\t<\/div>\n\t\t\t\t\t<\/div>\n\t\t<\/div>\n\t\t\t\t<div class=\"elementor-column elementor-col-20 elementor-top-column elementor-element elementor-element-cb534c2\" data-id=\"cb534c2\" data-element_type=\"column\">\n\t\t\t<div class=\"elementor-widget-wrap\">\n\t\t\t\t\t\t\t<\/div>\n\t\t<\/div>\n\t\t\t\t<div class=\"elementor-column elementor-col-20 elementor-top-column elementor-element elementor-element-0c200d5\" data-id=\"0c200d5\" data-element_type=\"column\">\n\t\t\t<div class=\"elementor-widget-wrap elementor-element-populated\">\n\t\t\t\t\t\t<div class=\"elementor-element elementor-element-b096fce elementor-widget elementor-widget-spacer\" data-id=\"b096fce\" data-element_type=\"widget\" data-widget_type=\"spacer.default\">\n\t\t\t\t<div class=\"elementor-widget-container\">\n\t\t\t\t\t\t\t<div class=\"elementor-spacer\">\n\t\t\t<div class=\"elementor-spacer-inner\"><\/div>\n\t\t<\/div>\n\t\t\t\t\t\t<\/div>\n\t\t\t\t<\/div>\n\t\t\t\t\t<\/div>\n\t\t<\/div>\n\t\t\t\t\t<\/div>\n\t\t<\/section>\n\t\t\t\t<section class=\"elementor-section elementor-top-section elementor-element elementor-element-d424ee0 elementor-section-full_width elementor-section-height-default elementor-section-height-default\" data-id=\"d424ee0\" data-element_type=\"section\">\n\t\t\t\t\t\t<div class=\"elementor-container elementor-column-gap-default\">\n\t\t\t\t\t<div class=\"elementor-column elementor-col-100 elementor-top-column elementor-element elementor-element-2127452\" data-id=\"2127452\" data-element_type=\"column\">\n\t\t\t<div class=\"elementor-widget-wrap elementor-element-populated\">\n\t\t\t\t\t\t<div class=\"elementor-element elementor-element-f2f4980 elementor-widget elementor-widget-spacer\" data-id=\"f2f4980\" data-element_type=\"widget\" data-widget_type=\"spacer.default\">\n\t\t\t\t<div class=\"elementor-widget-container\">\n\t\t\t\t\t\t\t<div class=\"elementor-spacer\">\n\t\t\t<div class=\"elementor-spacer-inner\"><\/div>\n\t\t<\/div>\n\t\t\t\t\t\t<\/div>\n\t\t\t\t<\/div>\n\t\t\t\t<div class=\"elementor-element elementor-element-b6976cc elementor-widget elementor-widget-heading\" data-id=\"b6976cc\" data-element_type=\"widget\" data-widget_type=\"heading.default\">\n\t\t\t\t<div class=\"elementor-widget-container\">\n\t\t\t\t\t<h2 class=\"elementor-heading-title elementor-size-default\">\u00bfQuien Impartir\u00e1 este Curso?<\/h2>\t\t\t\t<\/div>\n\t\t\t\t<\/div>\n\t\t\t\t\t<\/div>\n\t\t<\/div>\n\t\t\t\t\t<\/div>\n\t\t<\/section>\n\t\t\t\t<section class=\"elementor-section elementor-top-section elementor-element elementor-element-edcf3ca elementor-section-full_width elementor-section-height-default elementor-section-height-default\" data-id=\"edcf3ca\" data-element_type=\"section\">\n\t\t\t\t\t\t<div class=\"elementor-container elementor-column-gap-default\">\n\t\t\t\t\t<div class=\"elementor-column elementor-col-50 elementor-top-column elementor-element elementor-element-912358e\" data-id=\"912358e\" data-element_type=\"column\">\n\t\t\t<div class=\"elementor-widget-wrap elementor-element-populated\">\n\t\t\t\t\t\t<div class=\"elementor-element elementor-element-80226ff elementor-widget elementor-widget-image\" data-id=\"80226ff\" data-element_type=\"widget\" data-widget_type=\"image.default\">\n\t\t\t\t<div class=\"elementor-widget-container\">\n\t\t\t\t\t\t\t\t\t\t\t\t\t\t\t<img decoding=\"async\" src=\"https:\/\/caficon.info\/wp-content\/uploads\/2022\/03\/3-819x1024-5.jpg\" title=\"3-819&#215;1024\" alt=\"3-819x1024\" loading=\"lazy\" \/>\t\t\t\t\t\t\t\t\t\t\t\t\t\t\t<\/div>\n\t\t\t\t<\/div>\n\t\t\t\t<div class=\"elementor-element elementor-element-db64619 elementor-widget elementor-widget-html\" data-id=\"db64619\" data-element_type=\"widget\" data-widget_type=\"html.default\">\n\t\t\t\t<div class=\"elementor-widget-container\">\n\t\t\t\t\t<h4 style=\"text-align: center;\"><span style=\"color: #ff6600;\">C.P.C. y M.C.F. Roberto Efrain Cabrera Monroy<\/span><\/h4>\t\t\t\t<\/div>\n\t\t\t\t<\/div>\n\t\t\t\t\t<\/div>\n\t\t<\/div>\n\t\t\t\t<div class=\"elementor-column elementor-col-50 elementor-top-column elementor-element elementor-element-4ba1ba2\" data-id=\"4ba1ba2\" data-element_type=\"column\">\n\t\t\t<div class=\"elementor-widget-wrap elementor-element-populated\">\n\t\t\t\t\t\t<div class=\"elementor-element elementor-element-8c09123 elementor-widget elementor-widget-spacer\" data-id=\"8c09123\" data-element_type=\"widget\" data-widget_type=\"spacer.default\">\n\t\t\t\t<div class=\"elementor-widget-container\">\n\t\t\t\t\t\t\t<div class=\"elementor-spacer\">\n\t\t\t<div class=\"elementor-spacer-inner\"><\/div>\n\t\t<\/div>\n\t\t\t\t\t\t<\/div>\n\t\t\t\t<\/div>\n\t\t\t\t<div class=\"elementor-element elementor-element-e76fca4 elementor-widget elementor-widget-heading\" data-id=\"e76fca4\" data-element_type=\"widget\" data-widget_type=\"heading.default\">\n\t\t\t\t<div class=\"elementor-widget-container\">\n\t\t\t\t\t<h2 class=\"elementor-heading-title elementor-size-default\">CV:<\/h2>\t\t\t\t<\/div>\n\t\t\t\t<\/div>\n\t\t\t\t<div class=\"elementor-element elementor-element-4863284 elementor-hidden-desktop elementor-hidden-tablet elementor-hidden-mobile elementor-widget elementor-widget-text-editor\" data-id=\"4863284\" data-element_type=\"widget\" data-widget_type=\"text-editor.default\">\n\t\t\t\t<div class=\"elementor-widget-container\">\n\t\t\t\t\t\t\t\t\t<p><strong>Coordinadora de RRHH con m\u00e1s de 10 a\u00f1os de experiencia principalmente en capacitaci\u00f3n y desarrollo organizacional. Mis principales objetivos radican en fomentar la capacidad de integraci\u00f3n y colaboraci\u00f3n entre los miembros de la organizaci\u00f3n, identificar y atender oportunamente las necesidades tanto de los colaboradores como de la instituci\u00f3n, adem\u00e1s de, evaluar el desempe\u00f1o y contribuir con su desarrollo en pro de la mejora continua. <\/strong><\/p><p><strong>EXPERIENCIA <\/strong><\/p><p><strong>INSTITUTO MEXICANO DE CONTADORES P\u00daBLICOS, A.C<\/strong><\/p><p><strong>\u00a0Coordinadora de Talento Humano (julio 2013-actual) <\/strong><\/p><p><strong>RECLUTAMIENTO Y SELECCI\u00d3N <\/strong><\/p><p><strong>Dise\u00f1o de las estrategias de reclutamiento y selecci\u00f3n a partir del perfil de puestos y objetivos institucionales. Entrevista por competencias y assessment center <\/strong><\/p><p><strong>DESARROLLO ORGANIZACIONAL <\/strong><\/p><p><strong>Elaboraci\u00f3n de perfil de puestos por competencias, valuaci\u00f3n del rendimiento laboral (diagn\u00f3stico, retroalimentaci\u00f3n, evaluaci\u00f3n, intervenci\u00f3n y seguimiento). Analizar, evaluar y establecer las pol\u00edticas, procesos y procedimientos propios del \u00e1rea de RRHH y coadyuvar en la implementaci\u00f3n de procesos y procedimientos de otras \u00e1reas, as\u00ed como, las funciones y objetivos de todos los puestos que integran la estructura administrativa de la instituci\u00f3n. Modelo de competencias alineado a la filosof\u00eda organizacional. <\/strong><\/p><p><strong>EVALUACI\u00d3N DE DESEMPE\u00d1O <\/strong><\/p><p><strong>An\u00e1lisis y evaluaci\u00f3n de desempe\u00f1o de acuerdo con lo establecido en el manual organizacional y plan estrat\u00e9gico. <\/strong><\/p><p><strong>GESTI\u00d3N DEL TALENTO <\/strong><\/p><p><strong>\u00a0<\/strong><\/p><p><strong>Retenci\u00f3n y desarrollo del \u00abtop talent\u00bb (plan de carrera) Convenios con Instituciones educativas para posicionar a la instituci\u00f3n como referente de desarrollo profesional en t\u00e9rminos de pr\u00e1cticas profesionales, servicio social y\/o estad\u00edas universitarias <\/strong><\/p>\t\t\t\t\t\t\t\t<\/div>\n\t\t\t\t<\/div>\n\t\t\t\t<div class=\"elementor-element elementor-element-9779b07 elementor-widget elementor-widget-spacer\" data-id=\"9779b07\" data-element_type=\"widget\" data-widget_type=\"spacer.default\">\n\t\t\t\t<div class=\"elementor-widget-container\">\n\t\t\t\t\t\t\t<div class=\"elementor-spacer\">\n\t\t\t<div class=\"elementor-spacer-inner\"><\/div>\n\t\t<\/div>\n\t\t\t\t\t\t<\/div>\n\t\t\t\t<\/div>\n\t\t\t\t\t<\/div>\n\t\t<\/div>\n\t\t\t\t\t<\/div>\n\t\t<\/section>\n\t\t\t\t<\/div>\n\t\t","protected":false},"excerpt":{"rendered":"<p>Que encontraras en el Temario Dirigido Contadores, auxiliares Contables, fiscalistas, administradores, financieros y personal del \u00e1rea de Recursos Humanos que tengan que ver con la elaboraci\u00f3n de n\u00f3minas, administraci\u00f3n de una N\u00f3mina o Empresas de Subcontrataci\u00f3n.&nbsp; Objetivo El participante lograra interiorizarse en todo el marco jur\u00eddico que enmarca la obligaci\u00f3n del pago de vacaciones en [&hellip;]<\/p>\n","protected":false},"author":1,"featured_media":0,"parent":0,"menu_order":0,"comment_status":"closed","ping_status":"closed","template":"","meta":{"footnotes":""},"class_list":["post-28175","page","type-page","status-publish","hentry"],"_links":{"self":[{"href":"https:\/\/caficon.info\/index.php\/wp-json\/wp\/v2\/pages\/28175","targetHints":{"allow":["GET"]}}],"collection":[{"href":"https:\/\/caficon.info\/index.php\/wp-json\/wp\/v2\/pages"}],"about":[{"href":"https:\/\/caficon.info\/index.php\/wp-json\/wp\/v2\/types\/page"}],"author":[{"embeddable":true,"href":"https:\/\/caficon.info\/index.php\/wp-json\/wp\/v2\/users\/1"}],"replies":[{"embeddable":true,"href":"https:\/\/caficon.info\/index.php\/wp-json\/wp\/v2\/comments?post=28175"}],"version-history":[{"count":5,"href":"https:\/\/caficon.info\/index.php\/wp-json\/wp\/v2\/pages\/28175\/revisions"}],"predecessor-version":[{"id":28192,"href":"https:\/\/caficon.info\/index.php\/wp-json\/wp\/v2\/pages\/28175\/revisions\/28192"}],"wp:attachment":[{"href":"https:\/\/caficon.info\/index.php\/wp-json\/wp\/v2\/media?parent=28175"}],"curies":[{"name":"wp","href":"https:\/\/api.w.org\/{rel}","templated":true}]}}