{"id":29066,"date":"2023-02-28T20:48:32","date_gmt":"2023-02-28T20:48:32","guid":{"rendered":"https:\/\/caficon.info\/?page_id=29066"},"modified":"2023-02-28T22:11:59","modified_gmt":"2023-02-28T22:11:59","slug":"curso-9","status":"publish","type":"page","link":"https:\/\/caficon.info\/index.php\/curso-9\/","title":{"rendered":"Curso 9"},"content":{"rendered":"\t\t<div data-elementor-type=\"wp-page\" data-elementor-id=\"29066\" class=\"elementor elementor-29066\" data-elementor-post-type=\"page\">\n\t\t\t\t\t\t<section class=\"elementor-section elementor-top-section elementor-element elementor-element-3fd822e elementor-section-boxed elementor-section-height-default elementor-section-height-default\" data-id=\"3fd822e\" data-element_type=\"section\">\n\t\t\t\t\t\t<div class=\"elementor-container elementor-column-gap-default\">\n\t\t\t\t\t<div class=\"elementor-column elementor-col-50 elementor-top-column elementor-element elementor-element-517bbdf\" data-id=\"517bbdf\" data-element_type=\"column\">\n\t\t\t<div class=\"elementor-widget-wrap elementor-element-populated\">\n\t\t\t\t\t\t<div class=\"elementor-element elementor-element-1ebd36e elementor-invisible elementor-widget elementor-widget-image\" data-id=\"1ebd36e\" data-element_type=\"widget\" data-settings=\"{&quot;_animation&quot;:&quot;bounceInLeft&quot;}\" data-widget_type=\"image.default\">\n\t\t\t\t<div class=\"elementor-widget-container\">\n\t\t\t\t\t\t\t\t\t\t\t\t\t\t\t<img fetchpriority=\"high\" decoding=\"async\" width=\"800\" height=\"800\" src=\"https:\/\/caficon.info\/wp-content\/uploads\/2023\/02\/CALENDARIO-CAFICON-NUEVO-5-1024x1024.png\" class=\"attachment-large size-large wp-image-29091\" alt=\"\" srcset=\"https:\/\/caficon.info\/wp-content\/uploads\/2023\/02\/CALENDARIO-CAFICON-NUEVO-5-1024x1024.png 1024w, https:\/\/caficon.info\/wp-content\/uploads\/2023\/02\/CALENDARIO-CAFICON-NUEVO-5-300x300.png 300w, https:\/\/caficon.info\/wp-content\/uploads\/2023\/02\/CALENDARIO-CAFICON-NUEVO-5-150x150.png 150w, https:\/\/caficon.info\/wp-content\/uploads\/2023\/02\/CALENDARIO-CAFICON-NUEVO-5-768x768.png 768w, https:\/\/caficon.info\/wp-content\/uploads\/2023\/02\/CALENDARIO-CAFICON-NUEVO-5-600x600.png 600w, https:\/\/caficon.info\/wp-content\/uploads\/2023\/02\/CALENDARIO-CAFICON-NUEVO-5-100x100.png 100w, https:\/\/caficon.info\/wp-content\/uploads\/2023\/02\/CALENDARIO-CAFICON-NUEVO-5.png 1100w\" sizes=\"(max-width: 800px) 100vw, 800px\" \/>\t\t\t\t\t\t\t\t\t\t\t\t\t\t\t<\/div>\n\t\t\t\t<\/div>\n\t\t\t\t\t<\/div>\n\t\t<\/div>\n\t\t\t\t<div class=\"elementor-column elementor-col-50 elementor-top-column elementor-element elementor-element-176b6cb elementor-invisible\" data-id=\"176b6cb\" data-element_type=\"column\" data-settings=\"{&quot;animation&quot;:&quot;bounceInRight&quot;}\">\n\t\t\t<div class=\"elementor-widget-wrap elementor-element-populated\">\n\t\t\t\t\t\t<div class=\"elementor-element elementor-element-122cc23 elementor-widget elementor-widget-heading\" data-id=\"122cc23\" data-element_type=\"widget\" data-widget_type=\"heading.default\">\n\t\t\t\t<div class=\"elementor-widget-container\">\n\t\t\t\t\t<h2 class=\"elementor-heading-title elementor-size-default\">Procedimiento para una certera devoluci\u00f3n de IVA ante SAT (incluye tratamiento, compensaci\u00f3n y acreditamiento de saldos a favor)<\/h2>\t\t\t\t<\/div>\n\t\t\t\t<\/div>\n\t\t\t\t<div class=\"elementor-element elementor-element-6bc3e0d elementor-widget elementor-widget-spacer\" data-id=\"6bc3e0d\" data-element_type=\"widget\" data-widget_type=\"spacer.default\">\n\t\t\t\t<div class=\"elementor-widget-container\">\n\t\t\t\t\t\t\t<div class=\"elementor-spacer\">\n\t\t\t<div class=\"elementor-spacer-inner\"><\/div>\n\t\t<\/div>\n\t\t\t\t\t\t<\/div>\n\t\t\t\t<\/div>\n\t\t\t\t<div class=\"elementor-element elementor-element-bdfb738 elementor-widget elementor-widget-text-editor\" data-id=\"bdfb738\" data-element_type=\"widget\" data-widget_type=\"text-editor.default\">\n\t\t\t\t<div class=\"elementor-widget-container\">\n\t\t\t\t\t\t\t\t\t<p><span style=\"color: #000000;\">Ponente:<\/span><\/p><p style=\"text-align: center;\">C.P.M.A.E.M.F. Miguel alarcon\u00a0Diaz<\/p>\t\t\t\t\t\t\t\t<\/div>\n\t\t\t\t<\/div>\n\t\t\t\t<div class=\"elementor-element elementor-element-a0566ee elementor-widget elementor-widget-text-editor\" data-id=\"a0566ee\" data-element_type=\"widget\" data-widget_type=\"text-editor.default\">\n\t\t\t\t<div class=\"elementor-widget-container\">\n\t\t\t\t\t\t\t\t\t<p><span style=\"color: #000000;\">Fecha:<\/span><\/p><p style=\"text-align: center;\">09\/03\/2023<\/p>\t\t\t\t\t\t\t\t<\/div>\n\t\t\t\t<\/div>\n\t\t\t\t\t<\/div>\n\t\t<\/div>\n\t\t\t\t\t<\/div>\n\t\t<\/section>\n\t\t\t\t<section class=\"elementor-section elementor-top-section elementor-element elementor-element-2b7462f elementor-section-boxed elementor-section-height-default elementor-section-height-default\" data-id=\"2b7462f\" data-element_type=\"section\">\n\t\t\t\t\t\t<div class=\"elementor-container elementor-column-gap-default\">\n\t\t\t\t\t<div class=\"elementor-column elementor-col-100 elementor-top-column elementor-element elementor-element-61b2a97\" data-id=\"61b2a97\" data-element_type=\"column\">\n\t\t\t<div class=\"elementor-widget-wrap elementor-element-populated\">\n\t\t\t\t\t\t<div class=\"elementor-element elementor-element-a53347d elementor-invisible elementor-widget elementor-widget-heading\" data-id=\"a53347d\" data-element_type=\"widget\" data-settings=\"{&quot;_animation&quot;:&quot;slideInDown&quot;}\" data-widget_type=\"heading.default\">\n\t\t\t\t<div class=\"elementor-widget-container\">\n\t\t\t\t\t<h2 class=\"elementor-heading-title elementor-size-default\">Temario:<\/h2>\t\t\t\t<\/div>\n\t\t\t\t<\/div>\n\t\t\t\t\t<\/div>\n\t\t<\/div>\n\t\t\t\t\t<\/div>\n\t\t<\/section>\n\t\t\t\t<section class=\"elementor-section elementor-top-section elementor-element elementor-element-196048f elementor-section-boxed elementor-section-height-default elementor-section-height-default elementor-invisible\" data-id=\"196048f\" data-element_type=\"section\" data-settings=\"{&quot;animation&quot;:&quot;slideInDown&quot;}\">\n\t\t\t\t\t\t<div class=\"elementor-container elementor-column-gap-default\">\n\t\t\t\t\t<div class=\"elementor-column elementor-col-50 elementor-top-column elementor-element elementor-element-6625c17\" data-id=\"6625c17\" data-element_type=\"column\">\n\t\t\t<div class=\"elementor-widget-wrap elementor-element-populated\">\n\t\t\t\t\t\t<div class=\"elementor-element elementor-element-840599f elementor-widget elementor-widget-text-editor\" data-id=\"840599f\" data-element_type=\"widget\" data-widget_type=\"text-editor.default\">\n\t\t\t\t<div class=\"elementor-widget-container\">\n\t\t\t\t\t\t\t\t\t<p class=\"xxxxxxxxmsonormal0\" style=\"margin-left: 1.35pt; text-indent: -19.35pt;\"><b><span style=\"font-family: 'Arial',sans-serif;\">1.<\/span><\/b><span style=\"font-family: 'Arial',sans-serif;\">\u00a0Impuesto al Valor Agregado\u00a0<\/span><\/p><p class=\"xxxxxxxxmsolistparagraph\" style=\"margin-left: 18.0pt; text-indent: -18.0pt;\"><span style=\"font-family: Symbol;\">\u00b7<\/span>\u00a0\u00a0\u00a0\u00a0\u00a0\u00a0\u00a0 <span style=\"font-family: 'Arial',sans-serif;\">Definici\u00f3n\u00a0<\/span><\/p><p class=\"xxxxxxxxmsolistparagraph\" style=\"margin-left: 18.0pt; text-indent: -18.0pt;\"><span style=\"font-family: Symbol;\">\u00b7<\/span>\u00a0\u00a0\u00a0\u00a0\u00a0\u00a0\u00a0 <span style=\"font-family: 'Arial',sans-serif;\">\u00bfCu\u00e1ndo se determina un saldo a favor de IVA?<\/span>\u00a0<\/p><p class=\"xxxxxxxxmsolistparagraph\" style=\"margin-left: 18.0pt; text-indent: -18.0pt;\"><span style=\"font-family: Symbol;\">\u00b7<\/span>\u00a0\u00a0\u00a0\u00a0\u00a0\u00a0\u00a0 <span style=\"font-family: 'Arial',sans-serif;\">Plazos para solicitar un saldo a favor de IVA.<\/span>\u00a0<\/p><p class=\"xxxxxxxxmsolistparagraph\" style=\"margin-left: 18.0pt; text-indent: -18.0pt;\"><span style=\"font-family: Symbol;\">\u00b7<\/span>\u00a0\u00a0\u00a0\u00a0\u00a0\u00a0\u00a0 <span style=\"font-family: 'Arial',sans-serif;\">\u00bfQu\u00e9 Actos est\u00e1n Gravados para la Ley del Impuesto \u00a0<\/span><\/p><p class=\"xxxxxxxxmsolistparagraph\" style=\"margin-left: 36.0pt; text-indent: -18.0pt;\"><span style=\"font-family: 'Arial',sans-serif;\">\u00a0\u00a0\u00a0\u00a0\u00a0al Valor Agregado?\u00a0<\/span><\/p><p class=\"xxxxxxxxmsolistparagraph\" style=\"margin-left: 18.0pt; text-indent: -18.0pt;\"><span style=\"font-family: Symbol;\">\u00b7<\/span>\u00a0\u00a0\u00a0\u00a0\u00a0\u00a0\u00a0 <span style=\"font-family: 'Arial',sans-serif;\">\u00bfQu\u00e9 es el IVA Trasladado y el IVA Acreditable?<\/span>\u00a0<\/p><p class=\"xxxxxxxxmsolistparagraph\" style=\"margin-left: 18.0pt; text-indent: -18.0pt;\"><span style=\"font-family: Symbol;\">\u00b7<\/span>\u00a0\u00a0\u00a0\u00a0\u00a0\u00a0\u00a0 <span style=\"font-family: 'Arial',sans-serif;\">Plazos para que efect\u00fae la devoluci\u00f3n la Autoridad.<\/span><span style=\"font-family: 'Candara',sans-serif;\">\u00a0<\/span><\/p><p class=\"xxxxxxxxmsonormal0\" style=\"margin-left: 1.35pt; text-indent: -19.35pt;\"><b><span style=\"font-family: 'Arial',sans-serif;\">2.<\/span><\/b><span style=\"font-family: 'Arial',sans-serif;\"> Determinaci\u00f3n del IVA Trasladado y Acreditable \u00a0<\/span><\/p><p class=\"xxxxxxxxmsonormal0\" style=\"margin-left: -.6pt;\"><span style=\"font-family: 'Arial',sans-serif;\">(Nacional e Importaci\u00f3n).\u00a0<\/span><\/p><p class=\"xxxxxxxxmsolistparagraph\" style=\"margin-left: 18.0pt; text-indent: -18.0pt;\"><span style=\"font-family: Symbol;\">\u00b7<\/span>\u00a0\u00a0\u00a0\u00a0\u00a0\u00a0\u00a0 <span style=\"font-family: 'Arial',sans-serif;\">Determinaci\u00f3n del IVA Traslado y Acreditable que se \u00a0<\/span><\/p><p class=\"xxxxxxxxmsolistparagraph\" style=\"margin-left: 17.4pt; text-indent: -18.0pt;\"><span style=\"font-family: 'Arial',sans-serif;\">\u00a0\u00a0\u00a0\u00a0\u00a0\u00a0\u00a0\u00a0\u00a0 encuentren expedidos o pagados en moneda extranjera<\/span>\u00a0<\/p><p class=\"xxxxxxxxmsolistparagraph\" style=\"margin-left: 18.0pt; text-indent: -18.0pt;\"><span style=\"font-family: Symbol;\">\u00b7<\/span>\u00a0\u00a0\u00a0\u00a0\u00a0\u00a0\u00a0 <span style=\"font-family: 'Arial',sans-serif;\">Requisitos del IVA Acreditable.<\/span>\u00a0<\/p><p class=\"xxxxxxxxmsolistparagraph\" style=\"margin-left: 17.4pt; text-indent: -18.0pt;\"><span style=\"font-family: Symbol;\">\u00b7<\/span>\u00a0\u00a0\u00a0\u00a0\u00a0\u00a0\u00a0 <span style=\"font-family: 'Arial',sans-serif;\">Determinaci\u00f3n de factor de prorrateo del IVA acreditable<\/span><span style=\"font-family: 'Candara',sans-serif;\">\u00a0<\/span><\/p><p class=\"xxxxxxxxmsolistparagraph\" style=\"margin-left: 17.4pt; text-indent: -18.0pt;\"><span style=\"font-family: 'Arial',sans-serif;\">\u00a0\u00a0\u00a0\u00a0\u00a0\u00a0\u00a0\u00a0 cuando se tengan actividades exentas y gravadas. 2.4.\u00a0<\/span><\/p><p class=\"xxxxxxxxmsolistparagraph\" style=\"margin-left: -.6pt;\"><span style=\"font-family: Symbol;\">\u00b7<\/span>\u00a0\u00a0\u00a0\u00a0\u00a0\u00a0\u00a0 <span style=\"font-family: 'Arial',sans-serif;\">Diferencias entre Actos<\/span><span style=\"font-family: 'Candara',sans-serif;\">\u00a0<\/span><\/p><p class=\"xxxxxxxxmsolistparagraph\" style=\"margin-left: 1.35pt; text-indent: -19.35pt;\"><b><span style=\"font-family: 'Arial',sans-serif;\">3.<\/span><\/b><span style=\"font-family: 'Arial',sans-serif;\">\u00a0Gravados a la tasa del 0% y Exentos.\u00a0<\/span><\/p><p class=\"xxxxxxxxmsolistparagraph\" style=\"margin-left: 18.0pt; text-indent: -18.0pt;\"><span style=\"font-family: Symbol;\">\u00b7<\/span>\u00a0\u00a0\u00a0\u00a0\u00a0\u00a0\u00a0<span style=\"font-family: 'Arial',sans-serif;\">Amarres del IVA Trasladado y Acreditable contra contabilidad, \u00a0<\/span><\/p><p class=\"xxxxxxxxmsolistparagraph\" style=\"margin-left: 18.0pt; text-indent: -18.0pt;\"><span style=\"font-family: 'Arial',sans-serif;\">\u00a0\u00a0\u00a0 \u00a0\u00a0\u00a0\u00a0y su importancia.\u00a0<\/span><\/p><p class=\"xxxxxxxxmsolistparagraph\" style=\"margin-left: 18.0pt; text-indent: -18.0pt;\"><span style=\"font-family: Symbol;\">\u00b7<\/span>\u00a0\u00a0\u00a0\u00a0\u00a0\u00a0\u00a0<span style=\"font-family: 'Arial',sans-serif;\">An\u00e1lisis de la totalidad de los dep\u00f3sitos recibidos por el \u00a0\u00a0\u00a0<\/span><\/p><p class=\"xxxxxxxxmsolistparagraph\" style=\"margin-left: 18.0pt; text-indent: -18.0pt;\"><span style=\"font-family: 'Arial',sans-serif;\">\u00a0\u00a0\u00a0\u00a0\u00a0\u00a0\u00a0\u00a0contribuyente.\u00a0<\/span><\/p><p class=\"xxxxxxxxmsolistparagraph\" style=\"margin-left: 18.0pt; text-indent: -18.0pt;\"><span style=\"font-family: Symbol;\">\u00b7<\/span>\u00a0\u00a0\u00a0\u00a0\u00a0\u00a0 <span style=\"font-family: 'Arial',sans-serif;\">Revisi\u00f3n del soporte documental del IVA Trasladado y <\/span><\/p><p class=\"xxxxxxxxmsolistparagraph\" style=\"margin-left: 18.0pt; text-indent: -18.0pt;\"><span style=\"font-family: 'Arial',sans-serif;\">\u00a0\u00a0\u00a0\u00a0\u00a0\u00a0\u00a0\u00a0\u00a0Acreditable.\u00a0<\/span><\/p><p class=\"xxxxxxxxmsolistparagraph\" style=\"margin-left: 1.35pt; text-indent: -19.35pt;\"><b><span style=\"font-family: 'Arial',sans-serif;\">4<span style=\"color: #002060;\">.<\/span><\/span><\/b><span style=\"font-family: 'Arial',sans-serif; color: #002060;\">\u00a0Caso Practico Determinaci\u00f3n de IVA.\u00a0<\/span><\/p><p class=\"xxxxxxxxmsolistparagraph\" style=\"margin-left: 1.35pt; text-indent: -19.35pt;\"><span style=\"font-family: 'Arial',sans-serif;\">\u00a0<\/span><\/p><p class=\"xxxxxxxxmsonormal0\" style=\"margin-left: 1.35pt; text-indent: -19.35pt;\"><b><span style=\"font-family: 'Arial',sans-serif;\">5.<\/span><\/b><span style=\"font-family: 'Arial',sans-serif;\">\u00a0Compulsa de proveedores del mes contra listado del \u00a0<\/span><\/p><p class=\"xxxxxxxxmsonormal0\" style=\"margin-left: 1.35pt; text-indent: -19.35pt;\"><span style=\"font-family: 'Arial',sans-serif;\">\u00a0\u00a0\u00a0\u00a0\u00a0art\u00edculo 69-B del C\u00f3digo Fiscal de la Federaci\u00f3n \u00a0<\/span><\/p><p class=\"xxxxxxxxmsonormal0\" style=\"margin-left: 1.35pt; text-indent: -19.35pt;\"><span style=\"font-family: 'Arial',sans-serif;\">\u00a0\u00a0\u00a0\u00a0\u00a0(Empresas que facturan operaciones simuladas).\u00a0<\/span><\/p>\t\t\t\t\t\t\t\t<\/div>\n\t\t\t\t<\/div>\n\t\t\t\t\t<\/div>\n\t\t<\/div>\n\t\t\t\t<div class=\"elementor-column elementor-col-50 elementor-top-column elementor-element elementor-element-fb4f263\" data-id=\"fb4f263\" data-element_type=\"column\">\n\t\t\t<div class=\"elementor-widget-wrap elementor-element-populated\">\n\t\t\t\t\t\t<div class=\"elementor-element elementor-element-e88e132 elementor-widget elementor-widget-text-editor\" data-id=\"e88e132\" data-element_type=\"widget\" data-widget_type=\"text-editor.default\">\n\t\t\t\t<div class=\"elementor-widget-container\">\n\t\t\t\t\t\t\t\t\t<p class=\"xxxxxxxxmsonormal0\" style=\"margin-left: 1.35pt; text-indent: -19.35pt;\"><span style=\"font-family: 'Arial',sans-serif;\">6.Llenado de declaraci\u00f3n de IVA en la p\u00e1gina del SAT.\u00a0<\/span><\/p><p class=\"xxxxxxxxmsonormal0\" style=\"margin-left: 1.35pt; text-indent: -19.35pt;\"><span style=\"font-family: 'Arial',sans-serif;\">\u00a0<\/span><\/p><p class=\"xxxxxxxxmsonormal0\" style=\"margin-left: 1.35pt; text-indent: -19.35pt;\"><b><span style=\"font-family: 'Arial',sans-serif;\">7.<\/span><\/b><span style=\"font-family: 'Arial',sans-serif;\">\u00a0\u00a0Declaraci\u00f3n Informativa de Operaciones con Terceros (DIOT).\u00a0<\/span><\/p><p class=\"xxxxxxxxmsonormal0\" style=\"margin-left: 1.35pt; text-indent: -19.35pt;\"><span style=\"font-family: 'Arial',sans-serif;\">\u00a0<\/span><\/p><p class=\"xxxxxxxxmsonormal0\" style=\"margin-left: 1.35pt; text-indent: -19.35pt;\"><b><span style=\"font-family: 'Arial',sans-serif;\">8.<\/span><\/b><span style=\"font-family: 'Arial',sans-serif;\">\u00a0 Requisitos para la presentaci\u00f3n de la Solicitud de\u00a0<\/span><\/p><p class=\"xxxxxxxxmsonormal0\" style=\"margin-left: 1.35pt; text-indent: -19.35pt;\"><span style=\"font-family: 'Arial',sans-serif;\">\u00a0\u00a0\u00a0 \u00a0Devoluci\u00f3n de IVA a Favor.\u00a0<\/span><\/p><p class=\"xxxxxxxxmsonormal0\" style=\"margin-left: 1.35pt; text-indent: -19.35pt;\"><span style=\"font-family: 'Arial',sans-serif;\">\u00a0<\/span><\/p><p class=\"xxxxxxxxmsonormal0\" style=\"margin-left: 1.45pt; text-indent: -19.45pt;\"><b><span style=\"font-family: 'Arial',sans-serif;\">9<span style=\"color: #002060;\">.<\/span><\/span><\/b><span style=\"font-family: 'Arial',sans-serif; color: #002060;\">\u00a0\u00a0Proceso de solicitud de saldos a favor en la p\u00e1gina del SAT\u00a0<\/span><\/p><p class=\"xxxxxxxxmsonormal0\" style=\"margin-left: 1.45pt; text-indent: -19.45pt;\"><span style=\"font-family: 'Arial',sans-serif;\">\u00a0<\/span><\/p><p class=\"xxxxxxxxmsonormal0\" style=\"margin-left: 1.35pt; text-indent: -19.35pt;\"><b><span style=\"font-family: 'Arial',sans-serif;\">10.<\/span><\/b><span style=\"font-family: 'Arial',sans-serif;\">\u00a0Requerimiento de informaci\u00f3n y documentaci\u00f3n adicional por parte de la autoridad, plazos y formas para la contestaci\u00f3n.\u00a0<\/span><\/p><p class=\"xxxxxxxxmsonormal0\" style=\"margin-left: 1.35pt; text-indent: -19.35pt;\"><span style=\"font-family: 'Arial',sans-serif;\">\u00a0<\/span><\/p><p class=\"xxxxxxxxmsonormal0\" style=\"margin-left: 1.35pt; text-indent: -19.35pt;\"><b><span style=\"font-family: 'Arial',sans-serif; color: #002060;\">11.<\/span><\/b><span style=\"font-family: 'Arial',sans-serif; color: #002060;\">\u00a0 Proceso de contestaci\u00f3n de requerimientos en la p\u00e1gina\u00a0<\/span><\/p><p class=\"xxxxxxxxmsonormal0\" style=\"margin-left: 1.35pt; text-indent: -19.35pt;\"><span style=\"font-family: 'Arial',sans-serif; color: #002060;\">\u00a0\u00a0\u00a0\u00a0\u00a0 \u00a0del SAT.\u00a0<\/span><\/p><p class=\"xxxxxxxxmsonormal0\" style=\"margin-left: 1.35pt; text-indent: -19.35pt;\"><span style=\"font-family: 'Arial',sans-serif;\">\u00a0<\/span><\/p><p class=\"xxxxxxxxmsonormal0\" style=\"margin-left: 1.45pt; text-indent: -19.45pt;\"><b><span style=\"font-family: 'Arial',sans-serif;\">12.<\/span><\/b><span style=\"font-family: 'Arial',sans-serif;\">\u00a0\u00a0Qu\u00e9 hacer si la Autoridad niega la solicitud de devoluci\u00f3n de IVA.\u00a0<\/span><\/p>\t\t\t\t\t\t\t\t<\/div>\n\t\t\t\t<\/div>\n\t\t\t\t\t<\/div>\n\t\t<\/div>\n\t\t\t\t\t<\/div>\n\t\t<\/section>\n\t\t\t\t<\/div>\n\t\t","protected":false},"excerpt":{"rendered":"<p>Procedimiento para una certera devoluci\u00f3n de IVA ante SAT (incluye tratamiento, compensaci\u00f3n y acreditamiento de saldos a favor) Ponente: C.P.M.A.E.M.F. Miguel alarcon\u00a0Diaz Fecha: 09\/03\/2023 Temario: 1.\u00a0Impuesto al Valor Agregado\u00a0 \u00b7\u00a0\u00a0\u00a0\u00a0\u00a0\u00a0\u00a0 Definici\u00f3n\u00a0 \u00b7\u00a0\u00a0\u00a0\u00a0\u00a0\u00a0\u00a0 \u00bfCu\u00e1ndo se determina un saldo a favor de IVA?\u00a0 \u00b7\u00a0\u00a0\u00a0\u00a0\u00a0\u00a0\u00a0 Plazos para solicitar un saldo a favor de IVA.\u00a0 \u00b7\u00a0\u00a0\u00a0\u00a0\u00a0\u00a0\u00a0 \u00bfQu\u00e9 Actos est\u00e1n [&hellip;]<\/p>\n","protected":false},"author":1,"featured_media":0,"parent":0,"menu_order":0,"comment_status":"closed","ping_status":"closed","template":"","meta":{"footnotes":""},"class_list":["post-29066","page","type-page","status-publish","hentry"],"_links":{"self":[{"href":"https:\/\/caficon.info\/index.php\/wp-json\/wp\/v2\/pages\/29066","targetHints":{"allow":["GET"]}}],"collection":[{"href":"https:\/\/caficon.info\/index.php\/wp-json\/wp\/v2\/pages"}],"about":[{"href":"https:\/\/caficon.info\/index.php\/wp-json\/wp\/v2\/types\/page"}],"author":[{"embeddable":true,"href":"https:\/\/caficon.info\/index.php\/wp-json\/wp\/v2\/users\/1"}],"replies":[{"embeddable":true,"href":"https:\/\/caficon.info\/index.php\/wp-json\/wp\/v2\/comments?post=29066"}],"version-history":[{"count":13,"href":"https:\/\/caficon.info\/index.php\/wp-json\/wp\/v2\/pages\/29066\/revisions"}],"predecessor-version":[{"id":29094,"href":"https:\/\/caficon.info\/index.php\/wp-json\/wp\/v2\/pages\/29066\/revisions\/29094"}],"wp:attachment":[{"href":"https:\/\/caficon.info\/index.php\/wp-json\/wp\/v2\/media?parent=29066"}],"curies":[{"name":"wp","href":"https:\/\/api.w.org\/{rel}","templated":true}]}}